{"id":4271,"date":"2025-03-16T13:41:37","date_gmt":"2025-03-16T12:41:37","guid":{"rendered":"https:\/\/venusdailleurs.fr\/?page_id=4271"},"modified":"2025-03-16T14:01:15","modified_gmt":"2025-03-16T13:01:15","slug":"houle","status":"publish","type":"page","link":"https:\/\/venusdailleurs.fr\/?page_id=4271","title":{"rendered":"Houle"},"content":{"rendered":"\n<p>Fr\u00e9d\u00e9ric Miler &amp; Susan Mende<\/p>\n\n\n\n<figure class=\"wp-block-image size-large is-resized\"><img decoding=\"async\" loading=\"lazy\" src=\"https:\/\/venusdailleurs.fr\/wp-content\/uploads\/2025\/03\/couv-houle-780x1024.jpg\" alt=\"\" class=\"wp-image-4272\" width=\"406\" height=\"532\" srcset=\"https:\/\/venusdailleurs.fr\/wp-content\/uploads\/2025\/03\/couv-houle-780x1024.jpg 780w, https:\/\/venusdailleurs.fr\/wp-content\/uploads\/2025\/03\/couv-houle-229x300.jpg 229w, https:\/\/venusdailleurs.fr\/wp-content\/uploads\/2025\/03\/couv-houle-768x1008.jpg 768w, https:\/\/venusdailleurs.fr\/wp-content\/uploads\/2025\/03\/couv-houle-1170x1536.jpg 1170w, https:\/\/venusdailleurs.fr\/wp-content\/uploads\/2025\/03\/couv-houle-1560x2048.jpg 1560w, https:\/\/venusdailleurs.fr\/wp-content\/uploads\/2025\/03\/couv-houle.jpg 1896w\" sizes=\"(max-width: 406px) 100vw, 406px\" \/><\/figure>\n\n\n\n<p><\/p>\n\n\n\n<p>Et l\u2019<em>\u00c9toile<\/em> n\u2019appara\u00eetrait pas dans le<em> r\u00e9el<\/em> qui ne se voit pas<br>si sous la terre parchemin\u00e9e sa peau ne trouait pas le sens<br>et changeait la gravitation de l\u2019<em>\u0153il<\/em> \u00e0 chacun des instants<br>ou regards qui s\u2019incrustent dans son \u00e9corce a\u00e9rienne,<br>le <em>blanc<\/em> qu\u2019il instille et d\u00e9ploie entre ses fascinations,<br>les passages de l\u2019<em>ailleurs<\/em> qu\u2019il suit,<em> langue<\/em> dans sa r\u00e9tine<\/p>\n\n\n\n<p>(La <em>consumation <\/em>\u00e0 perte de vue jusqu\u2019\u00e0 l\u2019oubli perdu<br>ou mis de c\u00f4t\u00e9 dans la marge de tous ses objets inconnus<br>mais identifiables, renvers\u00e9s sur la tranche de l\u2019ombre,<br>l\u2019ar\u00eate du <em>jour-nuit<\/em> qui les dissipe au cr\u00e9puscule<br>au gr\u00e9 des \u00e9tincelles remont\u00e9es jusqu\u2019\u00e0 la lune vive&nbsp;;<br>chaque fibre effeuill\u00e9e par la lev\u00e9e de la vague blanche)<\/p>\n\n\n\n<p>Le <em>noyau <\/em>et l\u2019<em>oubli<\/em> s\u2019accordent \u00e0 la <em>spontan\u00e9it\u00e9<\/em><br>puis se jouent des r\u00e9miniscences mn\u00e9moniques et des sujets<br>par la terre, la transmission de craie bleue, oc\u00e9anique<br>ou ciels enterr\u00e9s sous des d\u00e9bris de masques et de d\u00e9sirs,<br>une astronomie de peaux et de rochers qui parcourt les r\u00e9cifs<\/p>\n\n\n\n<figure class=\"wp-block-image size-large is-resized\"><img decoding=\"async\" loading=\"lazy\" src=\"https:\/\/venusdailleurs.fr\/wp-content\/uploads\/2025\/03\/img20250212_16292691-2-762x1024.jpg\" alt=\"\" class=\"wp-image-4276\" width=\"497\" height=\"668\" srcset=\"https:\/\/venusdailleurs.fr\/wp-content\/uploads\/2025\/03\/img20250212_16292691-2-762x1024.jpg 762w, https:\/\/venusdailleurs.fr\/wp-content\/uploads\/2025\/03\/img20250212_16292691-2-223x300.jpg 223w, https:\/\/venusdailleurs.fr\/wp-content\/uploads\/2025\/03\/img20250212_16292691-2-768x1033.jpg 768w, https:\/\/venusdailleurs.fr\/wp-content\/uploads\/2025\/03\/img20250212_16292691-2-1142x1536.jpg 1142w, https:\/\/venusdailleurs.fr\/wp-content\/uploads\/2025\/03\/img20250212_16292691-2.jpg 1161w\" sizes=\"(max-width: 497px) 100vw, 497px\" \/><\/figure>\n\n\n\n<p><mark style=\"background-color:rgba(0, 0, 0, 0)\" class=\"has-inline-color has-medium-pink-color\"><em>Ils se passent de main en main les superbes fragments trouv\u00e9s aux abords de la Grande Gr\u00e8ve o\u00f9 se croisent en tous sens les tours ail\u00e9es des queues de trilobites, et qui \u00e9voquent les plaques les mieux ouvrag\u00e9es du B\u00e9nin tout en les distan\u00e7ant au possible du jeu de leurs lumi\u00e8res beige, argent et lilas.<\/em><\/mark><\/p>\n\n\n\n<p class=\"has-text-align-right\"><br><mark style=\"background-color:rgba(0, 0, 0, 0)\" class=\"has-inline-color has-medium-pink-color\">Andr\u00e9 Breton, <em>Arcane 17<\/em><\/mark><\/p>\n\n\n\n<p><\/p>\n\n\n\n<p>Po\u00e8mes de Fr\u00e9d\u00e9ric Miler et collages de Susan Mende<\/p>\n\n\n\n<p>48 pages &#8211; 15 x 20 cm. 10 \u20ac<\/p>\n\n\n\n<p>Les 17 premiers exemplaires constituant le tirage de t\u00eate,<br>sont sign\u00e9s par les auteurs et sont accompagn\u00e9s<br>d\u2019une digigraphie de l\u2019artiste.<\/p>\n\n\n\n<p><a href=\"https:\/\/venus-dailleurs.sumupstore.com\/article\/houle\">COMMANDER<\/a><\/p>\n","protected":false},"excerpt":{"rendered":"<p>Fr\u00e9d\u00e9ric Miler &amp; Susan Mende Et l\u2019\u00c9toile n\u2019appara\u00eetrait pas dans le r\u00e9el qui ne se voit passi sous la terre parchemin\u00e9e sa peau ne trouait pas le senset changeait la gravitation de l\u2019\u0153il \u00e0 chacun des instantsou regards qui s\u2019incrustent dans son \u00e9corce a\u00e9rienne,le blanc qu\u2019il instille et d\u00e9ploie entre ses fascinations,les passages de l\u2019ailleurs &hellip; <a href=\"https:\/\/venusdailleurs.fr\/?page_id=4271\" class=\"more-link\">Continuer la lecture de <span class=\"screen-reader-text\">Houle<\/span><\/a><\/p>\n","protected":false},"author":1,"featured_media":0,"parent":0,"menu_order":0,"comment_status":"closed","ping_status":"closed","template":"","meta":[],"_links":{"self":[{"href":"https:\/\/venusdailleurs.fr\/index.php?rest_route=\/wp\/v2\/pages\/4271"}],"collection":[{"href":"https:\/\/venusdailleurs.fr\/index.php?rest_route=\/wp\/v2\/pages"}],"about":[{"href":"https:\/\/venusdailleurs.fr\/index.php?rest_route=\/wp\/v2\/types\/page"}],"author":[{"embeddable":true,"href":"https:\/\/venusdailleurs.fr\/index.php?rest_route=\/wp\/v2\/users\/1"}],"replies":[{"embeddable":true,"href":"https:\/\/venusdailleurs.fr\/index.php?rest_route=%2Fwp%2Fv2%2Fcomments&post=4271"}],"version-history":[{"count":2,"href":"https:\/\/venusdailleurs.fr\/index.php?rest_route=\/wp\/v2\/pages\/4271\/revisions"}],"predecessor-version":[{"id":4283,"href":"https:\/\/venusdailleurs.fr\/index.php?rest_route=\/wp\/v2\/pages\/4271\/revisions\/4283"}],"wp:attachment":[{"href":"https:\/\/venusdailleurs.fr\/index.php?rest_route=%2Fwp%2Fv2%2Fmedia&parent=4271"}],"curies":[{"name":"wp","href":"https:\/\/api.w.org\/{rel}","templated":true}]}}