{"id":3965,"date":"2024-03-27T21:57:16","date_gmt":"2024-03-27T20:57:16","guid":{"rendered":"http:\/\/venusdailleurs.fr\/?page_id=3965"},"modified":"2024-03-27T21:57:16","modified_gmt":"2024-03-27T20:57:16","slug":"emmanuel-bauchard","status":"publish","type":"page","link":"http:\/\/venusdailleurs.fr\/?page_id=3965","title":{"rendered":"Emmanuel Bauchard"},"content":{"rendered":"<div class=\"wp-block-image\">\n<figure class=\"aligncenter size-large is-resized\"><img decoding=\"async\" loading=\"lazy\" src=\"http:\/\/venusdailleurs.fr\/wp-content\/uploads\/2024\/03\/21-Colloque-768x1024.jpg\" alt=\"\" class=\"wp-image-3966\" width=\"330\" height=\"440\" srcset=\"http:\/\/venusdailleurs.fr\/wp-content\/uploads\/2024\/03\/21-Colloque-768x1024.jpg 768w, http:\/\/venusdailleurs.fr\/wp-content\/uploads\/2024\/03\/21-Colloque-225x300.jpg 225w, http:\/\/venusdailleurs.fr\/wp-content\/uploads\/2024\/03\/21-Colloque-1152x1536.jpg 1152w, http:\/\/venusdailleurs.fr\/wp-content\/uploads\/2024\/03\/21-Colloque-1536x2048.jpg 1536w, http:\/\/venusdailleurs.fr\/wp-content\/uploads\/2024\/03\/21-Colloque-scaled.jpg 1920w\" sizes=\"(max-width: 330px) 100vw, 330px\" \/><\/figure><\/div>\n\n\n<p>Il fait d\u2019abord des recherches sur Esteban Franc\u00e9s puis sur <em>Le miroir du merveilleux <\/em>avant de commencer une th\u00e8se en histoire de l\u2019art \u00e0 l\u2019Universit\u00e9 Paris 1 Panth\u00e9on Sorbonne sur Pierre Mabille. Il y r\u00e9fl\u00e9chit et revalorise ses apports au sein des \u00e9volutions du mouvement surr\u00e9aliste, notamment du point de vue de la diversification de ses sources intellectuelles. Il travaille actuellement sur une \u00e9dition critique des textes de Mabille en rapport avec l\u2019art et la po\u00e9sie.<\/p>\n\n\n\n<p><\/p>\n\n\n\n<p><strong><mark style=\"background-color:rgba(0, 0, 0, 0)\" class=\"has-inline-color has-medium-pink-color\">Ouvrages <\/mark><\/strong>: <\/p>\n\n\n\n<p><a href=\"http:\/\/venusdailleurs.fr\/?page_id=3932\" data-type=\"page\" data-id=\"3932\">Actes du colloque surr\u00e9alisme et alchimie<\/a><\/p>\n\n\n\n<p><a href=\"http:\/\/venusdailleurs.fr\/?page_id=3935\" data-type=\"page\" data-id=\"3935\">Le ch\u00e2teau \u00e9toil\u00e9 et la parole perdue<\/a><\/p>\n\n\n\n<p><\/p>\n","protected":false},"excerpt":{"rendered":"<p>Il fait d\u2019abord des recherches sur Esteban Franc\u00e9s puis sur Le miroir du merveilleux avant de commencer une th\u00e8se en histoire de l\u2019art \u00e0 l\u2019Universit\u00e9 Paris 1 Panth\u00e9on Sorbonne sur Pierre Mabille. Il y r\u00e9fl\u00e9chit et revalorise ses apports au sein des \u00e9volutions du mouvement surr\u00e9aliste, notamment du point de vue de la diversification de &hellip; <a href=\"http:\/\/venusdailleurs.fr\/?page_id=3965\" class=\"more-link\">Continuer la lecture de <span class=\"screen-reader-text\">Emmanuel Bauchard<\/span><\/a><\/p>\n","protected":false},"author":1,"featured_media":0,"parent":0,"menu_order":0,"comment_status":"closed","ping_status":"closed","template":"","meta":[],"_links":{"self":[{"href":"http:\/\/venusdailleurs.fr\/index.php?rest_route=\/wp\/v2\/pages\/3965"}],"collection":[{"href":"http:\/\/venusdailleurs.fr\/index.php?rest_route=\/wp\/v2\/pages"}],"about":[{"href":"http:\/\/venusdailleurs.fr\/index.php?rest_route=\/wp\/v2\/types\/page"}],"author":[{"embeddable":true,"href":"http:\/\/venusdailleurs.fr\/index.php?rest_route=\/wp\/v2\/users\/1"}],"replies":[{"embeddable":true,"href":"http:\/\/venusdailleurs.fr\/index.php?rest_route=%2Fwp%2Fv2%2Fcomments&post=3965"}],"version-history":[{"count":1,"href":"http:\/\/venusdailleurs.fr\/index.php?rest_route=\/wp\/v2\/pages\/3965\/revisions"}],"predecessor-version":[{"id":3967,"href":"http:\/\/venusdailleurs.fr\/index.php?rest_route=\/wp\/v2\/pages\/3965\/revisions\/3967"}],"wp:attachment":[{"href":"http:\/\/venusdailleurs.fr\/index.php?rest_route=%2Fwp%2Fv2%2Fmedia&parent=3965"}],"curies":[{"name":"wp","href":"https:\/\/api.w.org\/{rel}","templated":true}]}}