{"id":3005,"date":"2023-06-12T19:26:22","date_gmt":"2023-06-12T17:26:22","guid":{"rendered":"http:\/\/venusdailleurs.fr\/?page_id=3005"},"modified":"2023-06-14T20:55:07","modified_gmt":"2023-06-14T18:55:07","slug":"gerard-depralon","status":"publish","type":"page","link":"http:\/\/venusdailleurs.fr\/?page_id=3005","title":{"rendered":"G\u00e9rard Depralon"},"content":{"rendered":"<div class=\"wp-block-image\">\n<figure class=\"aligncenter size-full\"><img decoding=\"async\" loading=\"lazy\" width=\"448\" height=\"343\" src=\"http:\/\/venusdailleurs.fr\/wp-content\/uploads\/2023\/06\/depralon.jpg\" alt=\"\" class=\"wp-image-3006\" srcset=\"http:\/\/venusdailleurs.fr\/wp-content\/uploads\/2023\/06\/depralon.jpg 448w, http:\/\/venusdailleurs.fr\/wp-content\/uploads\/2023\/06\/depralon-300x230.jpg 300w\" sizes=\"(max-width: 448px) 100vw, 448px\" \/><\/figure><\/div>\n\n\n<p>G\u00e9rard DEPRALON, dessinateur plasticien dont le parcours est essentiellement tourn\u00e9 vers le dessin s&rsquo;est particuli\u00e8rement int\u00e9ress\u00e9 \u00e0 la Bande Dessin\u00e9e, au Dessin de Presse et \u00e0 la presse en g\u00e9n\u00e9ral. Ses \u00ab\u00a0images press\u00e9es\u00a0\u00bb tir\u00e9es des informations photographiques en sont un exemple. La relation image-texte apprivois\u00e9e par la pratique de la Bande Dessin\u00e9e a toujours \u00e9t\u00e9 au centre de ses recherches, on peut le constater dans les dessins l\u00e9gend\u00e9s qu&rsquo;il pr\u00e9sente aujourd&rsquo;hui. Les th\u00e8mes bien que pris dans la r\u00e9alit\u00e9 subissent une distorsion propice \u00e0 des interpr\u00e9tations sens\u00e9es ou al\u00e9atoires. Il n&rsquo;y a pas d&rsquo;obligation de choix.<\/p>\n\n\n\n<p>G\u00e9rard DEPRALON tente une forme de dessin d&rsquo;humour peu habituelle qui utilise un dessin r\u00e9aliste ou d&rsquo;esprit proche qui accentue la curiosit\u00e9 des mises en sc\u00e8ne, entre satire sociale et non sens.Dans la suite intitul\u00e9e \u00ab\u00a0le mesclun des jours\u00a0\u00bb appara\u00eet une forme particuli\u00e8re de carnet de bord graphique qui invite le regardeur \u00e0 lire des informations r\u00e9elles ou fictives o\u00f9 se croisent, trac\u00e9s \u00e0 la mine de plomb et aux crayons de couleur, images et textes. L&rsquo;univers propos\u00e9 s&rsquo;il est parfois complexe n&rsquo;est jamais d\u00e9nu\u00e9 de \u00ab\u00a0confiance anchois\u00a0\u00bb.<\/p>\n\n\n\n<p>G\u00e9rard DEPRALON est aussi l&rsquo;auteur de Reportages Dessin\u00e9s r\u00e9alis\u00e9s en r\u00e9sidence d&rsquo;artiste, qui ont fait l&rsquo;objet de plusieurs livres (On vit le pays qu&rsquo;on voit, Fruits de routes, Grignan reportage dessin\u00e9&#8230;)<\/p>\n\n\n\n<p><\/p>\n\n\n\n<p><strong><mark style=\"background-color:rgba(0, 0, 0, 0)\" class=\"has-inline-color has-medium-pink-color\">Site <\/mark><\/strong>: <a href=\"http:\/\/www.gerard-depralon.com\/\">www.gerard-depralon.com<\/a><\/p>\n\n\n\n<p><strong><mark style=\"background-color:rgba(0, 0, 0, 0)\" class=\"has-inline-color has-medium-pink-color\">Ouvrages <\/mark><\/strong>: <\/p>\n\n\n\n<p><a href=\"http:\/\/venusdailleurs.fr\/?page_id=2788\">Carnets de dessins<\/a><\/p>\n\n\n\n<p><a href=\"http:\/\/venusdailleurs.fr\/?page_id=2414\">Oh! Mage Pierre Andr\u00e9 Benoit \u2013 Taz Case<\/a><\/p>\n\n\n\n<p><strong><mark style=\"background-color:rgba(0, 0, 0, 0)\" class=\"has-inline-color has-medium-pink-color\">Exposition <\/mark><\/strong>:<\/p>\n\n\n\n<p><a href=\"http:\/\/venusdailleurs.fr\/?page_id=590\">Oh ! Mage A Pi R hand r\u00e9 b\u0153uf noix<\/a><\/p>\n\n\n\n<p><\/p>\n\n\n\n<figure class=\"wp-block-gallery has-nested-images columns-default is-cropped wp-block-gallery-1 is-layout-flex\">\n<figure class=\"wp-block-image size-large\"><a href=\"http:\/\/venusdailleurs.fr\/wp-content\/uploads\/2023\/06\/04.jpg\"><img decoding=\"async\" loading=\"lazy\" width=\"1024\" height=\"797\" data-id=\"3741\"  src=\"http:\/\/venusdailleurs.fr\/wp-content\/uploads\/2023\/06\/04-1024x797.jpg\" alt=\"\" class=\"wp-image-3741\" srcset=\"http:\/\/venusdailleurs.fr\/wp-content\/uploads\/2023\/06\/04-1024x797.jpg 1024w, http:\/\/venusdailleurs.fr\/wp-content\/uploads\/2023\/06\/04-300x233.jpg 300w, http:\/\/venusdailleurs.fr\/wp-content\/uploads\/2023\/06\/04-768x597.jpg 768w, http:\/\/venusdailleurs.fr\/wp-content\/uploads\/2023\/06\/04-1536x1195.jpg 1536w, http:\/\/venusdailleurs.fr\/wp-content\/uploads\/2023\/06\/04-2048x1593.jpg 2048w\" sizes=\"(max-width: 1024px) 100vw, 1024px\" \/><\/a><\/figure>\n\n\n\n<figure class=\"wp-block-image size-large\"><a href=\"http:\/\/venusdailleurs.fr\/wp-content\/uploads\/2023\/06\/03_2.jpg\"><img decoding=\"async\" loading=\"lazy\" width=\"1024\" height=\"797\" data-id=\"3740\"  src=\"http:\/\/venusdailleurs.fr\/wp-content\/uploads\/2023\/06\/03_2-1024x797.jpg\" alt=\"\" class=\"wp-image-3740\" srcset=\"http:\/\/venusdailleurs.fr\/wp-content\/uploads\/2023\/06\/03_2-1024x797.jpg 1024w, http:\/\/venusdailleurs.fr\/wp-content\/uploads\/2023\/06\/03_2-300x233.jpg 300w, http:\/\/venusdailleurs.fr\/wp-content\/uploads\/2023\/06\/03_2-768x597.jpg 768w, http:\/\/venusdailleurs.fr\/wp-content\/uploads\/2023\/06\/03_2-1536x1195.jpg 1536w, http:\/\/venusdailleurs.fr\/wp-content\/uploads\/2023\/06\/03_2-2048x1593.jpg 2048w\" sizes=\"(max-width: 1024px) 100vw, 1024px\" \/><\/a><\/figure>\n<\/figure>\n","protected":false},"excerpt":{"rendered":"<p>G\u00e9rard DEPRALON, dessinateur plasticien dont le parcours est essentiellement tourn\u00e9 vers le dessin s&rsquo;est particuli\u00e8rement int\u00e9ress\u00e9 \u00e0 la Bande Dessin\u00e9e, au Dessin de Presse et \u00e0 la presse en g\u00e9n\u00e9ral. Ses \u00ab\u00a0images press\u00e9es\u00a0\u00bb tir\u00e9es des informations photographiques en sont un exemple. La relation image-texte apprivois\u00e9e par la pratique de la Bande Dessin\u00e9e a toujours \u00e9t\u00e9 &hellip; <a href=\"http:\/\/venusdailleurs.fr\/?page_id=3005\" class=\"more-link\">Continuer la lecture de <span class=\"screen-reader-text\">G\u00e9rard Depralon<\/span><\/a><\/p>\n","protected":false},"author":1,"featured_media":0,"parent":0,"menu_order":0,"comment_status":"closed","ping_status":"closed","template":"","meta":[],"_links":{"self":[{"href":"http:\/\/venusdailleurs.fr\/index.php?rest_route=\/wp\/v2\/pages\/3005"}],"collection":[{"href":"http:\/\/venusdailleurs.fr\/index.php?rest_route=\/wp\/v2\/pages"}],"about":[{"href":"http:\/\/venusdailleurs.fr\/index.php?rest_route=\/wp\/v2\/types\/page"}],"author":[{"embeddable":true,"href":"http:\/\/venusdailleurs.fr\/index.php?rest_route=\/wp\/v2\/users\/1"}],"replies":[{"embeddable":true,"href":"http:\/\/venusdailleurs.fr\/index.php?rest_route=%2Fwp%2Fv2%2Fcomments&post=3005"}],"version-history":[{"count":3,"href":"http:\/\/venusdailleurs.fr\/index.php?rest_route=\/wp\/v2\/pages\/3005\/revisions"}],"predecessor-version":[{"id":3742,"href":"http:\/\/venusdailleurs.fr\/index.php?rest_route=\/wp\/v2\/pages\/3005\/revisions\/3742"}],"wp:attachment":[{"href":"http:\/\/venusdailleurs.fr\/index.php?rest_route=%2Fwp%2Fv2%2Fmedia&parent=3005"}],"curies":[{"name":"wp","href":"https:\/\/api.w.org\/{rel}","templated":true}]}}